{"id":42,"date":"2015-12-05T05:55:08","date_gmt":"2015-12-05T05:55:08","guid":{"rendered":"http:\/\/piekarniajw.pl\/?page_id=42"},"modified":"2026-03-26T12:13:53","modified_gmt":"2026-03-26T11:13:53","slug":"nasze-sklepy","status":"publish","type":"page","link":"https:\/\/piekarniawitaszczyk.pl\/?page_id=42","title":{"rendered":"Nasze sklepy \u2013 Piekarnia Witaszczyk"},"content":{"rendered":"<p style=\"text-align: justify;\">W celu zapewnienia optymalnej dystrybucji i sprzeda\u017cy \u015bwie\u017cych produkt\u00f3w oraz dla Pa\u0144stwa wygody, nasze produkty sprzedajemy w Piekarniczo \u2013 Cukierniczych sklepach oraz \u201esklepo-kawiarniach\u201d. Koncepcj\u0105 naszych sklep\u00f3w jest sprzeda\u017c najbli\u017cej Naszego Klienta \u015bwie\u017cych i smacznych wyrob\u00f3w produkowanych w naszym zak\u0142adzie.<\/p>\n<p style=\"text-align: justify;\">W naszych wybranych plac\u00f3wkach proponujemy Pa\u0144stwu chwil\u0119 relaksu przy wy\u015bmienitej kawie, herbacie i ciastku serwowanych do konsumpcji na miejscu. Nie traktujemy ich jedynie jako palc\u00f3wki handlowe, ale r\u00f3wnie\u017c miejsce odpoczynku, oczekiwania na poci\u0105g lub spotkania ze znajomymi. St\u0105d nazwa \u201esklepo-kawiarnia\u201d.<\/p>\n<p>Zapraszamy do naszych sklep\u00f3w:<\/p>\n<p><b>Milan\u00f3wek, ul. Dworcowa 1<\/b><br \/>\ngodziny otwarcia:<br \/>\nponiedzia\u0142ek &#8211; pi\u0105tek: 5:00 do 19:00<br \/>\nsobota: 5:00 do 14:00<br \/>\n<iframe loading=\"lazy\" style=\"border: 0;\" src=\"https:\/\/www.google.com\/maps\/embed?pb=!1m18!1m12!1m3!1d2449.462931524248!2d20.664467915364963!3d52.12590007311343!2m3!1f0!2f0!3f0!3m2!1i1024!2i768!4f13.1!3m3!1m2!1s0x0000000000000000%3A0x4e3d78161c38ad66!2sWitaszczyk+Janusz.+Piekarnia!5e0!3m2!1spl!2spl!4v1456141785154\" width=\"400\" height=\"300\" frameborder=\"0\" allowfullscreen=\"allowfullscreen\"><\/iframe><br \/>\n<div class=\"accordion \"  ><br \/>\n<b>Jaktor\u00f3w, ul. Warszawska 29<\/b><br \/>\ngodziny otwarcia:<br \/>\nponiedzia\u0142ek &#8211; pi\u0105tek: 6:00 do 18:00<br \/>\nsobota: 6:00 do 14:00<br \/>\n<div class=\"accordion-group\">\n        <div class=\"accordion-heading\">\n        <a class=\"accordion-toggle\" data-toggle=\"collapse\" \n        data-parent=\"#accordion2\" href=\"#accordian_item_380\">zobacz\/schowaj map\u0119<\/a>\n        <\/div>\n         <div id=\"accordian_item_380\" class=\"accordion-body collapse \">\n            <div class=\"accordion-inner\"><br \/>\n<iframe loading=\"lazy\" style=\"border: 0;\" src=\"https:\/\/www.google.com\/maps\/embed?pb=!1m18!1m12!1m3!1d1225.8074014998258!2d20.553138658169622!3d52.086741643065494!2m3!1f0!2f0!3f0!3m2!1i1024!2i768!4f13.1!3m3!1m2!1s0x471945edba483db3%3A0xd974d8f9e7c0746!2sWarszawska+29%2C+96-313+Chylice-Kolonia!5e0!3m2!1spl!2spl!4v1456140381901\" width=\"400\" height=\"300\" frameborder=\"0\" allowfullscreen=\"allowfullscreen\"><\/iframe><br \/>\n<\/div>\n         <\/div>\n        <\/div><br \/>\n<b>\u017byrard\u00f3w, ul. Wittenberga 2F<\/b><br \/>\ngodziny otwarcia:<br \/>\nponiedzia\u0142ek &#8211; pi\u0105tek: 6:00 do 18:00<br \/>\nsobota: 6:00 do 14:00<br \/>\n<div class=\"accordion-group\">\n        <div class=\"accordion-heading\">\n        <a class=\"accordion-toggle\" data-toggle=\"collapse\" \n        data-parent=\"#accordion2\" href=\"#accordian_item_914\">zobacz\/schowaj map\u0119<\/a>\n        <\/div>\n         <div id=\"accordian_item_914\" class=\"accordion-body collapse \">\n            <div class=\"accordion-inner\"><br \/>\n<iframe loading=\"lazy\" style=\"border: 0;\" src=\"https:\/\/www.google.com\/maps\/embed?pb=!1m18!1m12!1m3!1d2453.412148365511!2d20.425089515362064!3d52.054018678410465!2m3!1f0!2f0!3f0!3m2!1i1024!2i768!4f13.1!3m3!1m2!1s0x471944b5ce14a681%3A0xaa88c0484b484221!2sKsi%C4%99dza+Ottona+Wittenberga+2%2C+%C5%BByrard%C3%B3w!5e0!3m2!1spl!2spl!4v1456141499419\" width=\"400\" height=\"300\" frameborder=\"0\" allowfullscreen=\"allowfullscreen\"><\/iframe><br \/>\n<\/div>\n         <\/div>\n        <\/div><br \/>\n<b>Mi\u0119dzybor\u00f3w, ul. Partyzant\u00f3w 1A (Budynek stacji kolejowej)<\/b><br \/>\ngodziny otwarcia:<br \/>\nponiedzia\u0142ek &#8211; pi\u0105tek: 6:00 do 18:00<br \/>\nsobota: 6:00 do 13:00<br \/>\n<div class=\"accordion-group\">\n        <div class=\"accordion-heading\">\n        <a class=\"accordion-toggle\" data-toggle=\"collapse\" \n        data-parent=\"#accordion2\" href=\"#accordian_item_746\">zobacz\/schowaj map\u0119<\/a>\n        <\/div>\n         <div id=\"accordian_item_746\" class=\"accordion-body collapse \">\n            <div class=\"accordion-inner\"><br \/>\n<iframe loading=\"lazy\" style=\"border: 0;\" src=\"https:\/\/www.google.com\/maps\/embed?pb=!1m18!1m12!1m3!1d2452.8967309203827!2d20.483582999999996!3d52.06340399999999!2m3!1f0!2f0!3f0!3m2!1i1024!2i768!4f13.1!3m3!1m2!1s0x471944fc7c466b63%3A0x8a7baf01e0fbc2d4!2zUGFydHl6YW50w7N3IDEsIDk2LTMxNiBNacSZZHp5Ym9yw7N3!5e0!3m2!1spl!2spl!4v1456143885261\" width=\"400\" height=\"300\" frameborder=\"0\" allowfullscreen=\"allowfullscreen\"><\/iframe><br \/>\n<\/div>\n         <\/div>\n        <\/div><br \/>\n<b>Jaktor\u00f3w, ul. Che\u0142mo\u0144skiego 3<\/b><br \/>\ngodziny otwarcia:<br \/>\nponiedzia\u0142ek &#8211; pi\u0105tek: 6:00 do 18:00<br \/>\nsobota: 6:00 do 14::00<br \/>\n<div class=\"accordion-group\">\n        <div class=\"accordion-heading\">\n        <a class=\"accordion-toggle\" data-toggle=\"collapse\" \n        data-parent=\"#accordion2\" href=\"#accordian_item_212\">zobacz\/schowaj map\u0119<\/a>\n        <\/div>\n         <div id=\"accordian_item_212\" class=\"accordion-body collapse \">\n            <div class=\"accordion-inner\"><br \/>\n<iframe loading=\"lazy\" style=\"border: 0;\" src=\"https:\/\/www.google.com\/maps\/embed?pb=!1m18!1m12!1m3!1d2451.6923953486244!2d20.551188815363385!3d52.08532927610375!2m3!1f0!2f0!3f0!3m2!1i1024!2i768!4f13.1!3m3!1m2!1s0x471945ec46174aa3%3A0xf09e16019971b91f!2sChe%C5%82mo%C5%84skiego+3%2C+96-313+Chylice-Kolonia!5e0!3m2!1spl!2spl!4v1456143980396\" width=\"400\" height=\"300\" frameborder=\"0\" allowfullscreen=\"allowfullscreen\"><\/iframe><br \/>\n<\/div>\n         <\/div>\n        <\/div><\/p>\n<p>Zapraszmy do naszych \u201esklepo-kawiarni\u201d:<br \/>\n<b><\/b><br \/>\n<b>Otr\u0119busy, ul. Natali\u0144ska 23<\/b><br \/>\ngodziny otwarcia:<br \/>\nponiedzia\u0142ek &#8211; pi\u0105tek: 6:00 do 18:00<br \/>\nsobota: 6:00 do 14::00<br \/>\nniedziela: 9:00 do 14::00<br \/>\n<div class=\"accordion-group\">\n        <div class=\"accordion-heading\">\n        <a class=\"accordion-toggle\" data-toggle=\"collapse\" \n        data-parent=\"#accordion2\" href=\"#accordian_item_842\">zobacz\/schowaj map\u0119<\/a>\n        <\/div>\n         <div id=\"accordian_item_842\" class=\"accordion-body collapse \">\n            <div class=\"accordion-inner\"><br \/>\n<iframe loading=\"lazy\" style=\"border: 0;\" src=\"https:\/\/www.google.com\/maps\/embed?pb=!1m18!1m12!1m3!1d2449.4338370875553!2d20.75895671536504!3d52.12642937307442!2m3!1f0!2f0!3f0!3m2!1i1024!2i768!4f13.1!3m3!1m2!1s0x47193622264b2cf9%3A0xf555517b20a06bf9!2sPiekarnia+Janusz+Witaszczyk!5e0!3m2!1spl!2spl!4v1456144360703\" width=\"400\" height=\"300\" frameborder=\"0\" allowfullscreen=\"allowfullscreen\"><\/iframe><br \/>\n<\/div>\n         <\/div>\n        <\/div><br \/>\n<b>Brwin\u00f3w, ul. Pszczeli\u0144ska 4<\/b><br \/>\ngodziny otwarcia:<br \/>\nponiedzia\u0142ek &#8211; pi\u0105tek: 6:00 do 18:00<br \/>\nsobota: 6:00 do 14:00<br \/>\n<div class=\"accordion-group\">\n        <div class=\"accordion-heading\">\n        <a class=\"accordion-toggle\" data-toggle=\"collapse\" \n        data-parent=\"#accordion2\" href=\"#accordian_item_212\">zobacz\/schowaj map\u0119<\/a>\n        <\/div>\n         <div id=\"accordian_item_212\" class=\"accordion-body collapse \">\n            <div class=\"accordion-inner\"><br \/>\n<iframe loading=\"lazy\" style=\"border: 0;\" src=\"https:\/\/www.google.com\/maps\/embed?pb=!1m18!1m12!1m3!1d2448.6738172497835!2d20.717050515365628!3d52.14025467205504!2m3!1f0!2f0!3f0!3m2!1i1024!2i768!4f13.1!3m3!1m2!1s0x47194996a1e2295d%3A0x30a26443d659762!2sPiekarnia+Cukiernia+Janusz+Witaszczyk!5e0!3m2!1spl!2spl!4v1456144512189\" width=\"400\" height=\"300\" frameborder=\"0\" allowfullscreen=\"allowfullscreen\"><\/iframe><br \/>\n<\/div>\n         <\/div>\n        <\/div><br \/>\n<b>Grodzisk Mazowiecki, ul. Sadowa 4<\/b><br \/>\ngodziny otwarcia:<br \/>\nponiedzia\u0142ek &#8211; pi\u0105tek: 6:00 do 18:00<br \/>\nsobota: 6:00 do 14:00<br \/>\n<div class=\"accordion-group\">\n        <div class=\"accordion-heading\">\n        <a class=\"accordion-toggle\" data-toggle=\"collapse\" \n        data-parent=\"#accordion2\" href=\"#accordian_item_394\">zobacz\/schowaj map\u0119<\/a>\n        <\/div>\n         <div id=\"accordian_item_394\" class=\"accordion-body collapse \">\n            <div class=\"accordion-inner\"><br \/>\n<iframe loading=\"lazy\" style=\"border: 0;\" src=\"https:\/\/www.google.com\/maps\/embed?pb=!1m18!1m12!1m3!1d866.5218540324769!2d20.62011578875201!3d52.099862218194126!2m3!1f0!2f0!3f0!3m2!1i1024!2i768!4f13.1!3m3!1m2!1s0x471948a5229c7271%3A0x39930448c897c903!2sPiekarnia%20Cukiernia%20Witaszczyk!5e0!3m2!1sfr!2sfr!4v1738409546392!5m2!1sfr!2sfr\" width=\"400\" height=\"300\" allowfullscreen=\"allowfullscreen\"><\/iframe><\/div>\n         <\/div>\n        <\/div><br \/>\n<b><\/b><\/p>\n<p><\/div><\/p>\n","protected":false},"excerpt":{"rendered":"<p>W celu zapewnienia optymalnej dystrybucji i sprzeda\u017cy \u015bwie\u017cych produkt\u00f3w oraz dla Pa\u0144stwa wygody, nasze produkty sprzedajemy w Piekarniczo \u2013 Cukierniczych sklepach oraz \u201esklepo-kawiarniach\u201d. Koncepcj\u0105 naszych sklep\u00f3w jest sprzeda\u017c najbli\u017cej Naszego Klienta \u015bwie\u017cych i smacznych wyrob\u00f3w produkowanych w naszym zak\u0142adzie. W naszych wybranych plac\u00f3wkach proponujemy Pa\u0144stwu chwil\u0119 relaksu przy wy\u015bmienitej kawie, herbacie i ciastku serwowanych do konsumpcji na miejscu. Nie traktujemy ich jedynie jako palc\u00f3wki handlowe, ale r\u00f3wnie\u017c miejsce odpoczynku, oczekiwania na poci\u0105g lub spotkania ze znajomymi. St\u0105d nazwa \u201esklepo-kawiarnia\u201d. Zapraszamy do naszych sklep\u00f3w: Milan\u00f3wek, ul. Dworcowa 1 godziny otwarcia: poniedzia\u0142ek &#8211; pi\u0105tek: 5:00 do 19:00 sobota: 5:00 do 14:00<\/p>\n","protected":false},"author":1,"featured_media":0,"parent":0,"menu_order":3,"comment_status":"closed","ping_status":"closed","template":"template-no-sidebar.php","meta":{"footnotes":""},"class_list":["post-42","page","type-page","status-publish","hentry"],"yoast_head":"<!-- This site is optimized with the Yoast SEO plugin v27.2 - https:\/\/yoast.com\/product\/yoast-seo-wordpress\/ -->\n<title>Nasze sklepy \u2013 Piekarnia Witaszczyk | Milan\u00f3wek i okolice<\/title>\n<meta name=\"description\" content=\"8 sklep\u00f3w Piekarni Witaszczyk w okolicach Milan\u00f3wka. Znajd\u017a punkt sprzeda\u017cy w swoim mie\u015bcie: Milan\u00f3wek, Grodzisk Mazowiecki, Brwin\u00f3w, Otr\u0119busy, Jaktor\u00f3w, Chylice-Kolonia, Mi\u0119dzybor\u00f3w, \u017byrard\u00f3w.\" \/>\n<meta name=\"robots\" content=\"index, follow, max-snippet:-1, max-image-preview:large, max-video-preview:-1\" \/>\n<link rel=\"canonical\" href=\"https:\/\/piekarniawitaszczyk.pl\/?page_id=42\" \/>\n<meta property=\"og:locale\" content=\"pl_PL\" \/>\n<meta property=\"og:type\" content=\"article\" \/>\n<meta property=\"og:title\" content=\"Nasze sklepy \u2013 Piekarnia Witaszczyk | Milan\u00f3wek i okolice\" \/>\n<meta property=\"og:description\" content=\"8 sklep\u00f3w Piekarni Witaszczyk w okolicach Milan\u00f3wka. Znajd\u017a punkt sprzeda\u017cy w swoim mie\u015bcie: Milan\u00f3wek, Grodzisk Mazowiecki, Brwin\u00f3w, Otr\u0119busy, Jaktor\u00f3w, Chylice-Kolonia, Mi\u0119dzybor\u00f3w, \u017byrard\u00f3w.\" \/>\n<meta property=\"og:url\" content=\"https:\/\/piekarniawitaszczyk.pl\/?page_id=42\" \/>\n<meta property=\"og:site_name\" content=\"Piekarnia Witaszczyk \u2013 tradycyjna piekarnia w Milan\u00f3wku\" \/>\n<meta property=\"article:publisher\" content=\"https:\/\/www.facebook.com\/piekarniawitaszczyk\" \/>\n<meta property=\"article:modified_time\" content=\"2026-03-26T11:13:53+00:00\" \/>\n<meta name=\"twitter:card\" content=\"summary_large_image\" \/>\n<meta name=\"twitter:label1\" content=\"Szacowany czas czytania\" \/>\n\t<meta name=\"twitter:data1\" content=\"2 minuty\" \/>\n<script type=\"application\/ld+json\" class=\"yoast-schema-graph\">{\"@context\":\"https:\/\/schema.org\",\"@graph\":[{\"@type\":\"WebPage\",\"@id\":\"https:\/\/piekarniawitaszczyk.pl\/?page_id=42\",\"url\":\"https:\/\/piekarniawitaszczyk.pl\/?page_id=42\",\"name\":\"Nasze sklepy \u2013 Piekarnia Witaszczyk | Milan\u00f3wek i okolice\",\"isPartOf\":{\"@id\":\"https:\/\/piekarniawitaszczyk.pl\/#website\"},\"datePublished\":\"2015-12-05T05:55:08+00:00\",\"dateModified\":\"2026-03-26T11:13:53+00:00\",\"description\":\"8 sklep\u00f3w Piekarni Witaszczyk w okolicach Milan\u00f3wka. Znajd\u017a punkt sprzeda\u017cy w swoim mie\u015bcie: Milan\u00f3wek, Grodzisk Mazowiecki, Brwin\u00f3w, Otr\u0119busy, Jaktor\u00f3w, Chylice-Kolonia, Mi\u0119dzybor\u00f3w, \u017byrard\u00f3w.\",\"breadcrumb\":{\"@id\":\"https:\/\/piekarniawitaszczyk.pl\/?page_id=42#breadcrumb\"},\"inLanguage\":\"pl-PL\",\"potentialAction\":[{\"@type\":\"ReadAction\",\"target\":[\"https:\/\/piekarniawitaszczyk.pl\/?page_id=42\"]}]},{\"@type\":\"BreadcrumbList\",\"@id\":\"https:\/\/piekarniawitaszczyk.pl\/?page_id=42#breadcrumb\",\"itemListElement\":[{\"@type\":\"ListItem\",\"position\":1,\"name\":\"Strona g\u0142\u00f3wna\",\"item\":\"https:\/\/piekarniawitaszczyk.pl\/\"},{\"@type\":\"ListItem\",\"position\":2,\"name\":\"Nasze sklepy \u2013 Piekarnia Witaszczyk\"}]},{\"@type\":\"WebSite\",\"@id\":\"https:\/\/piekarniawitaszczyk.pl\/#website\",\"url\":\"https:\/\/piekarniawitaszczyk.pl\/\",\"name\":\"Piekarnia Witaszczyk \u2013 tradycyjna piekarnia w Milan\u00f3wku\",\"description\":\"Chleb na zakwasie, ciasta, sklepo-kawiarnie \u2013 Milan\u00f3wek, Grodzisk Mazowiecki, Brwin\u00f3w, Otr\u0119busy, Jaktor\u00f3w, Mi\u0119dzybor\u00f3w, \u017byrard\u00f3w\",\"publisher\":{\"@id\":\"https:\/\/piekarniawitaszczyk.pl\/#organization\"},\"potentialAction\":[{\"@type\":\"SearchAction\",\"target\":{\"@type\":\"EntryPoint\",\"urlTemplate\":\"https:\/\/piekarniawitaszczyk.pl\/?s={search_term_string}\"},\"query-input\":{\"@type\":\"PropertyValueSpecification\",\"valueRequired\":true,\"valueName\":\"search_term_string\"}}],\"inLanguage\":\"pl-PL\"},{\"@type\":\"Organization\",\"@id\":\"https:\/\/piekarniawitaszczyk.pl\/#organization\",\"name\":\"Piekarnia Witaszczyk zp. z o.o.\",\"url\":\"https:\/\/piekarniawitaszczyk.pl\/\",\"logo\":{\"@type\":\"ImageObject\",\"inLanguage\":\"pl-PL\",\"@id\":\"https:\/\/piekarniawitaszczyk.pl\/#\/schema\/logo\/image\/\",\"url\":\"https:\/\/piekarniawitaszczyk.pl\/wp-content\/uploads\/2020\/03\/logo.jpg\",\"contentUrl\":\"https:\/\/piekarniawitaszczyk.pl\/wp-content\/uploads\/2020\/03\/logo.jpg\",\"width\":298,\"height\":287,\"caption\":\"Piekarnia Witaszczyk zp. z o.o.\"},\"image\":{\"@id\":\"https:\/\/piekarniawitaszczyk.pl\/#\/schema\/logo\/image\/\"},\"sameAs\":[\"https:\/\/www.facebook.com\/piekarniawitaszczyk\"]}]}<\/script>\n<!-- \/ Yoast SEO plugin. -->","yoast_head_json":{"title":"Nasze sklepy \u2013 Piekarnia Witaszczyk | Milan\u00f3wek i okolice","description":"8 sklep\u00f3w Piekarni Witaszczyk w okolicach Milan\u00f3wka. Znajd\u017a punkt sprzeda\u017cy w swoim mie\u015bcie: Milan\u00f3wek, Grodzisk Mazowiecki, Brwin\u00f3w, Otr\u0119busy, Jaktor\u00f3w, Chylice-Kolonia, Mi\u0119dzybor\u00f3w, \u017byrard\u00f3w.","robots":{"index":"index","follow":"follow","max-snippet":"max-snippet:-1","max-image-preview":"max-image-preview:large","max-video-preview":"max-video-preview:-1"},"canonical":"https:\/\/piekarniawitaszczyk.pl\/?page_id=42","og_locale":"pl_PL","og_type":"article","og_title":"Nasze sklepy \u2013 Piekarnia Witaszczyk | Milan\u00f3wek i okolice","og_description":"8 sklep\u00f3w Piekarni Witaszczyk w okolicach Milan\u00f3wka. Znajd\u017a punkt sprzeda\u017cy w swoim mie\u015bcie: Milan\u00f3wek, Grodzisk Mazowiecki, Brwin\u00f3w, Otr\u0119busy, Jaktor\u00f3w, Chylice-Kolonia, Mi\u0119dzybor\u00f3w, \u017byrard\u00f3w.","og_url":"https:\/\/piekarniawitaszczyk.pl\/?page_id=42","og_site_name":"Piekarnia Witaszczyk \u2013 tradycyjna piekarnia w Milan\u00f3wku","article_publisher":"https:\/\/www.facebook.com\/piekarniawitaszczyk","article_modified_time":"2026-03-26T11:13:53+00:00","twitter_card":"summary_large_image","twitter_misc":{"Szacowany czas czytania":"2 minuty"},"schema":{"@context":"https:\/\/schema.org","@graph":[{"@type":"WebPage","@id":"https:\/\/piekarniawitaszczyk.pl\/?page_id=42","url":"https:\/\/piekarniawitaszczyk.pl\/?page_id=42","name":"Nasze sklepy \u2013 Piekarnia Witaszczyk | Milan\u00f3wek i okolice","isPartOf":{"@id":"https:\/\/piekarniawitaszczyk.pl\/#website"},"datePublished":"2015-12-05T05:55:08+00:00","dateModified":"2026-03-26T11:13:53+00:00","description":"8 sklep\u00f3w Piekarni Witaszczyk w okolicach Milan\u00f3wka. Znajd\u017a punkt sprzeda\u017cy w swoim mie\u015bcie: Milan\u00f3wek, Grodzisk Mazowiecki, Brwin\u00f3w, Otr\u0119busy, Jaktor\u00f3w, Chylice-Kolonia, Mi\u0119dzybor\u00f3w, \u017byrard\u00f3w.","breadcrumb":{"@id":"https:\/\/piekarniawitaszczyk.pl\/?page_id=42#breadcrumb"},"inLanguage":"pl-PL","potentialAction":[{"@type":"ReadAction","target":["https:\/\/piekarniawitaszczyk.pl\/?page_id=42"]}]},{"@type":"BreadcrumbList","@id":"https:\/\/piekarniawitaszczyk.pl\/?page_id=42#breadcrumb","itemListElement":[{"@type":"ListItem","position":1,"name":"Strona g\u0142\u00f3wna","item":"https:\/\/piekarniawitaszczyk.pl\/"},{"@type":"ListItem","position":2,"name":"Nasze sklepy \u2013 Piekarnia Witaszczyk"}]},{"@type":"WebSite","@id":"https:\/\/piekarniawitaszczyk.pl\/#website","url":"https:\/\/piekarniawitaszczyk.pl\/","name":"Piekarnia Witaszczyk \u2013 tradycyjna piekarnia w Milan\u00f3wku","description":"Chleb na zakwasie, ciasta, sklepo-kawiarnie \u2013 Milan\u00f3wek, Grodzisk Mazowiecki, Brwin\u00f3w, Otr\u0119busy, Jaktor\u00f3w, Mi\u0119dzybor\u00f3w, \u017byrard\u00f3w","publisher":{"@id":"https:\/\/piekarniawitaszczyk.pl\/#organization"},"potentialAction":[{"@type":"SearchAction","target":{"@type":"EntryPoint","urlTemplate":"https:\/\/piekarniawitaszczyk.pl\/?s={search_term_string}"},"query-input":{"@type":"PropertyValueSpecification","valueRequired":true,"valueName":"search_term_string"}}],"inLanguage":"pl-PL"},{"@type":"Organization","@id":"https:\/\/piekarniawitaszczyk.pl\/#organization","name":"Piekarnia Witaszczyk zp. z o.o.","url":"https:\/\/piekarniawitaszczyk.pl\/","logo":{"@type":"ImageObject","inLanguage":"pl-PL","@id":"https:\/\/piekarniawitaszczyk.pl\/#\/schema\/logo\/image\/","url":"https:\/\/piekarniawitaszczyk.pl\/wp-content\/uploads\/2020\/03\/logo.jpg","contentUrl":"https:\/\/piekarniawitaszczyk.pl\/wp-content\/uploads\/2020\/03\/logo.jpg","width":298,"height":287,"caption":"Piekarnia Witaszczyk zp. z o.o."},"image":{"@id":"https:\/\/piekarniawitaszczyk.pl\/#\/schema\/logo\/image\/"},"sameAs":["https:\/\/www.facebook.com\/piekarniawitaszczyk"]}]}},"_links":{"self":[{"href":"https:\/\/piekarniawitaszczyk.pl\/index.php?rest_route=\/wp\/v2\/pages\/42","targetHints":{"allow":["GET"]}}],"collection":[{"href":"https:\/\/piekarniawitaszczyk.pl\/index.php?rest_route=\/wp\/v2\/pages"}],"about":[{"href":"https:\/\/piekarniawitaszczyk.pl\/index.php?rest_route=\/wp\/v2\/types\/page"}],"author":[{"embeddable":true,"href":"https:\/\/piekarniawitaszczyk.pl\/index.php?rest_route=\/wp\/v2\/users\/1"}],"replies":[{"embeddable":true,"href":"https:\/\/piekarniawitaszczyk.pl\/index.php?rest_route=%2Fwp%2Fv2%2Fcomments&post=42"}],"version-history":[{"count":44,"href":"https:\/\/piekarniawitaszczyk.pl\/index.php?rest_route=\/wp\/v2\/pages\/42\/revisions"}],"predecessor-version":[{"id":1275,"href":"https:\/\/piekarniawitaszczyk.pl\/index.php?rest_route=\/wp\/v2\/pages\/42\/revisions\/1275"}],"wp:attachment":[{"href":"https:\/\/piekarniawitaszczyk.pl\/index.php?rest_route=%2Fwp%2Fv2%2Fmedia&parent=42"}],"curies":[{"name":"wp","href":"https:\/\/api.w.org\/{rel}","templated":true}]}}