{"id":870,"date":"2019-03-11T15:41:42","date_gmt":"2019-03-11T15:41:42","guid":{"rendered":"http:\/\/piekarniajw.pl\/?page_id=870"},"modified":"2026-03-20T08:01:22","modified_gmt":"2026-03-20T08:01:22","slug":"bulka-pszenna-milanowek-bulka-wyborowa-piekarnia-witaszczyk","status":"publish","type":"page","link":"https:\/\/piekarniawitaszczyk.pl\/?page_id=870","title":{"rendered":"BU\u0141KA WYBOROWA"},"content":{"rendered":"<h2>Bu\u0142ka pszenna wyborowa \u2013 klasyczne pieczywo pszenne<\/h2>\n<p>Bu\u0142ka pszenna wyborowa to klasyczna bu\u0142ka na podm\u0142odzie dost\u0119pna codziennie w naszych sklepach w Milan\u00f3wku, Brwinowie, Otr\u0119busach, Grodzisku Mazowieckim, Jaktorowie, Mi\u0119dzyborowie i \u017byrardowie.<\/p>\n<p>Wypieka si\u0119 j\u0105 z wysokiej jako\u015bci m\u0105ki pszennej wed\u0142ug sprawdzonej, wieloletniej receptury Piekarni Witaszczyk. Z\u0142ocista sk\u00f3rka, mi\u0119kki i puszysty mi\u0105\u017csz uzyskany dzi\u0119ki prowadzeniu ciasta na podm\u0142odzie \u2013 idealna na \u015bniadanie, kanapk\u0119 lub podwieczorek dla ca\u0142ej rodziny.<\/p>\n<p>Gramatura: 350 g<br \/>\nWarto\u015b\u0107 energetyczna: 258 kcal \/ 1080 kJ w 100 g<br \/>\nRodzaj: pieczywo pszenne<\/p>\n<p>Sk\u0142adniki: m\u0105ka pszenna, woda, dro\u017cd\u017ce, margaryna, s\u00f3l, cukier.<br \/>\nAlergeny: produkt zawiera gluten.<\/p>\n<p>Dost\u0119pna codziennie, od poniedzia\u0142ku do soboty, we wszystkich sklepach Piekarni Witaszczyk. Zapraszamy!<\/p>\n","protected":false},"excerpt":{"rendered":"<p>Bu\u0142ka pszenna wyborowa \u2013 klasyczne pieczywo pszenne Bu\u0142ka pszenna wyborowa to klasyczna bu\u0142ka na podm\u0142odzie dost\u0119pna codziennie w naszych sklepach w Milan\u00f3wku, Brwinowie, Otr\u0119busach, Grodzisku Mazowieckim, Jaktorowie, Mi\u0119dzyborowie i \u017byrardowie. Wypieka si\u0119 j\u0105 z wysokiej jako\u015bci m\u0105ki pszennej wed\u0142ug sprawdzonej, wieloletniej receptury Piekarni Witaszczyk. Z\u0142ocista sk\u00f3rka, mi\u0119kki i puszysty mi\u0105\u017csz uzyskany dzi\u0119ki prowadzeniu ciasta na podm\u0142odzie \u2013 idealna na \u015bniadanie, kanapk\u0119 lub podwieczorek dla ca\u0142ej rodziny. Gramatura: 350 g Warto\u015b\u0107 energetyczna: 258 kcal \/ 1080 kJ w 100 g Rodzaj: pieczywo pszenne Sk\u0142adniki: m\u0105ka pszenna, woda, dro\u017cd\u017ce, margaryna, s\u00f3l, cukier. Alergeny: produkt zawiera gluten. Dost\u0119pna codziennie, od poniedzia\u0142ku do soboty,&#8230; <\/p>\n","protected":false},"author":1,"featured_media":1163,"parent":868,"menu_order":0,"comment_status":"closed","ping_status":"closed","template":"","meta":{"footnotes":""},"class_list":["post-870","page","type-page","status-publish","has-post-thumbnail","hentry"],"yoast_head":"<!-- This site is optimized with the Yoast SEO plugin v27.2 - https:\/\/yoast.com\/product\/yoast-seo-wordpress\/ -->\n<title>Bu\u0142ka pszenna Milan\u00f3wek \u2013 Bu\u0142ka Wyborowa | Piekarnia Witaszczyk<\/title>\n<meta name=\"description\" content=\"\u015awie\u017ca bu\u0142ka pszenna Milan\u00f3wek i okolice \u2013 Piekarnia Witaszczyk wypieka j\u0105 codziennie od 1945 roku. Dost\u0119pna we wszystkich naszych sklepach.\" \/>\n<meta name=\"robots\" content=\"index, follow, max-snippet:-1, max-image-preview:large, max-video-preview:-1\" \/>\n<link rel=\"canonical\" href=\"https:\/\/piekarniawitaszczyk.pl\/?page_id=870\" \/>\n<meta property=\"og:locale\" content=\"pl_PL\" \/>\n<meta property=\"og:type\" content=\"article\" \/>\n<meta property=\"og:title\" content=\"Bu\u0142ka pszenna Milan\u00f3wek \u2013 Bu\u0142ka Wyborowa | Piekarnia Witaszczyk\" \/>\n<meta property=\"og:description\" content=\"\u015awie\u017ca bu\u0142ka pszenna Milan\u00f3wek i okolice \u2013 Piekarnia Witaszczyk wypieka j\u0105 codziennie od 1945 roku. Dost\u0119pna we wszystkich naszych sklepach.\" \/>\n<meta property=\"og:url\" content=\"https:\/\/piekarniawitaszczyk.pl\/?page_id=870\" \/>\n<meta property=\"og:site_name\" content=\"Piekarnia Witaszczyk \u2013 tradycyjna piekarnia w Milan\u00f3wku\" \/>\n<meta property=\"article:publisher\" content=\"https:\/\/www.facebook.com\/piekarniawitaszczyk\" \/>\n<meta property=\"article:modified_time\" content=\"2026-03-20T08:01:22+00:00\" \/>\n<meta property=\"og:image\" content=\"https:\/\/piekarniawitaszczyk.pl\/wp-content\/uploads\/2026\/03\/12Bulka-wyborowa.png\" \/>\n\t<meta property=\"og:image:width\" content=\"1024\" \/>\n\t<meta property=\"og:image:height\" content=\"1024\" \/>\n\t<meta property=\"og:image:type\" content=\"image\/png\" \/>\n<meta name=\"twitter:card\" content=\"summary_large_image\" \/>\n<meta name=\"twitter:label1\" content=\"Szacowany czas czytania\" \/>\n\t<meta name=\"twitter:data1\" content=\"1 minuta\" \/>\n<script type=\"application\/ld+json\" class=\"yoast-schema-graph\">{\"@context\":\"https:\/\/schema.org\",\"@graph\":[{\"@type\":\"WebPage\",\"@id\":\"https:\/\/piekarniawitaszczyk.pl\/?page_id=870\",\"url\":\"https:\/\/piekarniawitaszczyk.pl\/?page_id=870\",\"name\":\"Bu\u0142ka pszenna Milan\u00f3wek \u2013 Bu\u0142ka Wyborowa | Piekarnia Witaszczyk\",\"isPartOf\":{\"@id\":\"https:\/\/piekarniawitaszczyk.pl\/#website\"},\"primaryImageOfPage\":{\"@id\":\"https:\/\/piekarniawitaszczyk.pl\/?page_id=870#primaryimage\"},\"image\":{\"@id\":\"https:\/\/piekarniawitaszczyk.pl\/?page_id=870#primaryimage\"},\"thumbnailUrl\":\"https:\/\/piekarniawitaszczyk.pl\/wp-content\/uploads\/2026\/03\/12Bulka-wyborowa.png\",\"datePublished\":\"2019-03-11T15:41:42+00:00\",\"dateModified\":\"2026-03-20T08:01:22+00:00\",\"description\":\"\u015awie\u017ca bu\u0142ka pszenna Milan\u00f3wek i okolice \u2013 Piekarnia Witaszczyk wypieka j\u0105 codziennie od 1945 roku. Dost\u0119pna we wszystkich naszych sklepach.\",\"breadcrumb\":{\"@id\":\"https:\/\/piekarniawitaszczyk.pl\/?page_id=870#breadcrumb\"},\"inLanguage\":\"pl-PL\",\"potentialAction\":[{\"@type\":\"ReadAction\",\"target\":[\"https:\/\/piekarniawitaszczyk.pl\/?page_id=870\"]}]},{\"@type\":\"ImageObject\",\"inLanguage\":\"pl-PL\",\"@id\":\"https:\/\/piekarniawitaszczyk.pl\/?page_id=870#primaryimage\",\"url\":\"https:\/\/piekarniawitaszczyk.pl\/wp-content\/uploads\/2026\/03\/12Bulka-wyborowa.png\",\"contentUrl\":\"https:\/\/piekarniawitaszczyk.pl\/wp-content\/uploads\/2026\/03\/12Bulka-wyborowa.png\",\"width\":1024,\"height\":1024,\"caption\":\"Bu\u0142ka Wyborowa pszenna \u2013 Piekarnia Witaszczyk Milan\u00f3wek\"},{\"@type\":\"BreadcrumbList\",\"@id\":\"https:\/\/piekarniawitaszczyk.pl\/?page_id=870#breadcrumb\",\"itemListElement\":[{\"@type\":\"ListItem\",\"position\":1,\"name\":\"Strona g\u0142\u00f3wna\",\"item\":\"https:\/\/piekarniawitaszczyk.pl\/\"},{\"@type\":\"ListItem\",\"position\":2,\"name\":\"PRODUKTY\",\"item\":\"https:\/\/piekarniawitaszczyk.pl\/?page_id=51\"},{\"@type\":\"ListItem\",\"position\":3,\"name\":\"WYROBY PIEKARNICZE\",\"item\":\"https:\/\/piekarniawitaszczyk.pl\/?page_id=143\"},{\"@type\":\"ListItem\",\"position\":4,\"name\":\"BU\u0141KI\",\"item\":\"https:\/\/piekarniawitaszczyk.pl\/?page_id=868\"},{\"@type\":\"ListItem\",\"position\":5,\"name\":\"BU\u0141KA WYBOROWA\"}]},{\"@type\":\"WebSite\",\"@id\":\"https:\/\/piekarniawitaszczyk.pl\/#website\",\"url\":\"https:\/\/piekarniawitaszczyk.pl\/\",\"name\":\"Piekarnia Witaszczyk \u2013 tradycyjna piekarnia w Milan\u00f3wku\",\"description\":\"Chleb na zakwasie, ciasta, sklepo-kawiarnie \u2013 Milan\u00f3wek, Grodzisk Mazowiecki, Brwin\u00f3w, Otr\u0119busy, Jaktor\u00f3w, Mi\u0119dzybor\u00f3w, \u017byrard\u00f3w\",\"publisher\":{\"@id\":\"https:\/\/piekarniawitaszczyk.pl\/#organization\"},\"potentialAction\":[{\"@type\":\"SearchAction\",\"target\":{\"@type\":\"EntryPoint\",\"urlTemplate\":\"https:\/\/piekarniawitaszczyk.pl\/?s={search_term_string}\"},\"query-input\":{\"@type\":\"PropertyValueSpecification\",\"valueRequired\":true,\"valueName\":\"search_term_string\"}}],\"inLanguage\":\"pl-PL\"},{\"@type\":\"Organization\",\"@id\":\"https:\/\/piekarniawitaszczyk.pl\/#organization\",\"name\":\"Piekarnia Witaszczyk zp. z o.o.\",\"url\":\"https:\/\/piekarniawitaszczyk.pl\/\",\"logo\":{\"@type\":\"ImageObject\",\"inLanguage\":\"pl-PL\",\"@id\":\"https:\/\/piekarniawitaszczyk.pl\/#\/schema\/logo\/image\/\",\"url\":\"https:\/\/piekarniawitaszczyk.pl\/wp-content\/uploads\/2020\/03\/logo.jpg\",\"contentUrl\":\"https:\/\/piekarniawitaszczyk.pl\/wp-content\/uploads\/2020\/03\/logo.jpg\",\"width\":298,\"height\":287,\"caption\":\"Piekarnia Witaszczyk zp. z o.o.\"},\"image\":{\"@id\":\"https:\/\/piekarniawitaszczyk.pl\/#\/schema\/logo\/image\/\"},\"sameAs\":[\"https:\/\/www.facebook.com\/piekarniawitaszczyk\"]}]}<\/script>\n<!-- \/ Yoast SEO plugin. -->","yoast_head_json":{"title":"Bu\u0142ka pszenna Milan\u00f3wek \u2013 Bu\u0142ka Wyborowa | Piekarnia Witaszczyk","description":"\u015awie\u017ca bu\u0142ka pszenna Milan\u00f3wek i okolice \u2013 Piekarnia Witaszczyk wypieka j\u0105 codziennie od 1945 roku. Dost\u0119pna we wszystkich naszych sklepach.","robots":{"index":"index","follow":"follow","max-snippet":"max-snippet:-1","max-image-preview":"max-image-preview:large","max-video-preview":"max-video-preview:-1"},"canonical":"https:\/\/piekarniawitaszczyk.pl\/?page_id=870","og_locale":"pl_PL","og_type":"article","og_title":"Bu\u0142ka pszenna Milan\u00f3wek \u2013 Bu\u0142ka Wyborowa | Piekarnia Witaszczyk","og_description":"\u015awie\u017ca bu\u0142ka pszenna Milan\u00f3wek i okolice \u2013 Piekarnia Witaszczyk wypieka j\u0105 codziennie od 1945 roku. Dost\u0119pna we wszystkich naszych sklepach.","og_url":"https:\/\/piekarniawitaszczyk.pl\/?page_id=870","og_site_name":"Piekarnia Witaszczyk \u2013 tradycyjna piekarnia w Milan\u00f3wku","article_publisher":"https:\/\/www.facebook.com\/piekarniawitaszczyk","article_modified_time":"2026-03-20T08:01:22+00:00","og_image":[{"width":1024,"height":1024,"url":"https:\/\/piekarniawitaszczyk.pl\/wp-content\/uploads\/2026\/03\/12Bulka-wyborowa.png","type":"image\/png"}],"twitter_card":"summary_large_image","twitter_misc":{"Szacowany czas czytania":"1 minuta"},"schema":{"@context":"https:\/\/schema.org","@graph":[{"@type":"WebPage","@id":"https:\/\/piekarniawitaszczyk.pl\/?page_id=870","url":"https:\/\/piekarniawitaszczyk.pl\/?page_id=870","name":"Bu\u0142ka pszenna Milan\u00f3wek \u2013 Bu\u0142ka Wyborowa | Piekarnia Witaszczyk","isPartOf":{"@id":"https:\/\/piekarniawitaszczyk.pl\/#website"},"primaryImageOfPage":{"@id":"https:\/\/piekarniawitaszczyk.pl\/?page_id=870#primaryimage"},"image":{"@id":"https:\/\/piekarniawitaszczyk.pl\/?page_id=870#primaryimage"},"thumbnailUrl":"https:\/\/piekarniawitaszczyk.pl\/wp-content\/uploads\/2026\/03\/12Bulka-wyborowa.png","datePublished":"2019-03-11T15:41:42+00:00","dateModified":"2026-03-20T08:01:22+00:00","description":"\u015awie\u017ca bu\u0142ka pszenna Milan\u00f3wek i okolice \u2013 Piekarnia Witaszczyk wypieka j\u0105 codziennie od 1945 roku. Dost\u0119pna we wszystkich naszych sklepach.","breadcrumb":{"@id":"https:\/\/piekarniawitaszczyk.pl\/?page_id=870#breadcrumb"},"inLanguage":"pl-PL","potentialAction":[{"@type":"ReadAction","target":["https:\/\/piekarniawitaszczyk.pl\/?page_id=870"]}]},{"@type":"ImageObject","inLanguage":"pl-PL","@id":"https:\/\/piekarniawitaszczyk.pl\/?page_id=870#primaryimage","url":"https:\/\/piekarniawitaszczyk.pl\/wp-content\/uploads\/2026\/03\/12Bulka-wyborowa.png","contentUrl":"https:\/\/piekarniawitaszczyk.pl\/wp-content\/uploads\/2026\/03\/12Bulka-wyborowa.png","width":1024,"height":1024,"caption":"Bu\u0142ka Wyborowa pszenna \u2013 Piekarnia Witaszczyk Milan\u00f3wek"},{"@type":"BreadcrumbList","@id":"https:\/\/piekarniawitaszczyk.pl\/?page_id=870#breadcrumb","itemListElement":[{"@type":"ListItem","position":1,"name":"Strona g\u0142\u00f3wna","item":"https:\/\/piekarniawitaszczyk.pl\/"},{"@type":"ListItem","position":2,"name":"PRODUKTY","item":"https:\/\/piekarniawitaszczyk.pl\/?page_id=51"},{"@type":"ListItem","position":3,"name":"WYROBY PIEKARNICZE","item":"https:\/\/piekarniawitaszczyk.pl\/?page_id=143"},{"@type":"ListItem","position":4,"name":"BU\u0141KI","item":"https:\/\/piekarniawitaszczyk.pl\/?page_id=868"},{"@type":"ListItem","position":5,"name":"BU\u0141KA WYBOROWA"}]},{"@type":"WebSite","@id":"https:\/\/piekarniawitaszczyk.pl\/#website","url":"https:\/\/piekarniawitaszczyk.pl\/","name":"Piekarnia Witaszczyk \u2013 tradycyjna piekarnia w Milan\u00f3wku","description":"Chleb na zakwasie, ciasta, sklepo-kawiarnie \u2013 Milan\u00f3wek, Grodzisk Mazowiecki, Brwin\u00f3w, Otr\u0119busy, Jaktor\u00f3w, Mi\u0119dzybor\u00f3w, \u017byrard\u00f3w","publisher":{"@id":"https:\/\/piekarniawitaszczyk.pl\/#organization"},"potentialAction":[{"@type":"SearchAction","target":{"@type":"EntryPoint","urlTemplate":"https:\/\/piekarniawitaszczyk.pl\/?s={search_term_string}"},"query-input":{"@type":"PropertyValueSpecification","valueRequired":true,"valueName":"search_term_string"}}],"inLanguage":"pl-PL"},{"@type":"Organization","@id":"https:\/\/piekarniawitaszczyk.pl\/#organization","name":"Piekarnia Witaszczyk zp. z o.o.","url":"https:\/\/piekarniawitaszczyk.pl\/","logo":{"@type":"ImageObject","inLanguage":"pl-PL","@id":"https:\/\/piekarniawitaszczyk.pl\/#\/schema\/logo\/image\/","url":"https:\/\/piekarniawitaszczyk.pl\/wp-content\/uploads\/2020\/03\/logo.jpg","contentUrl":"https:\/\/piekarniawitaszczyk.pl\/wp-content\/uploads\/2020\/03\/logo.jpg","width":298,"height":287,"caption":"Piekarnia Witaszczyk zp. z o.o."},"image":{"@id":"https:\/\/piekarniawitaszczyk.pl\/#\/schema\/logo\/image\/"},"sameAs":["https:\/\/www.facebook.com\/piekarniawitaszczyk"]}]}},"_links":{"self":[{"href":"https:\/\/piekarniawitaszczyk.pl\/index.php?rest_route=\/wp\/v2\/pages\/870","targetHints":{"allow":["GET"]}}],"collection":[{"href":"https:\/\/piekarniawitaszczyk.pl\/index.php?rest_route=\/wp\/v2\/pages"}],"about":[{"href":"https:\/\/piekarniawitaszczyk.pl\/index.php?rest_route=\/wp\/v2\/types\/page"}],"author":[{"embeddable":true,"href":"https:\/\/piekarniawitaszczyk.pl\/index.php?rest_route=\/wp\/v2\/users\/1"}],"replies":[{"embeddable":true,"href":"https:\/\/piekarniawitaszczyk.pl\/index.php?rest_route=%2Fwp%2Fv2%2Fcomments&post=870"}],"version-history":[{"count":5,"href":"https:\/\/piekarniawitaszczyk.pl\/index.php?rest_route=\/wp\/v2\/pages\/870\/revisions"}],"predecessor-version":[{"id":1164,"href":"https:\/\/piekarniawitaszczyk.pl\/index.php?rest_route=\/wp\/v2\/pages\/870\/revisions\/1164"}],"up":[{"embeddable":true,"href":"https:\/\/piekarniawitaszczyk.pl\/index.php?rest_route=\/wp\/v2\/pages\/868"}],"wp:featuredmedia":[{"embeddable":true,"href":"https:\/\/piekarniawitaszczyk.pl\/index.php?rest_route=\/wp\/v2\/media\/1163"}],"wp:attachment":[{"href":"https:\/\/piekarniawitaszczyk.pl\/index.php?rest_route=%2Fwp%2Fv2%2Fmedia&parent=870"}],"curies":[{"name":"wp","href":"https:\/\/api.w.org\/{rel}","templated":true}]}}